{"id":7334,"date":"2026-04-22T11:51:36","date_gmt":"2026-04-22T09:51:36","guid":{"rendered":"http:\/\/localhost\/wordpress\/sailing-and-surfing-school-guestbook\/"},"modified":"2026-04-27T10:28:38","modified_gmt":"2026-04-27T08:28:38","slug":"sailing-and-surfing-school-guestbook","status":"publish","type":"page","link":"https:\/\/www.wind99.com\/en\/sailing-and-surfing-school-guestbook\/","title":{"rendered":"Sailing and Surfing School Guestbook"},"content":{"rendered":"\n<div class=\"wp-block-uagb-container uagb-layout-flex uagb-block-2c41d92f alignfull uagb-is-root-container\"><div class=\"uagb-container-inner-blocks-wrap\"><\/div><\/div>\n\n<div class=\"wp-block-group alignfull has-ast-global-color-4-background-color has-background is-layout-constrained wp-container-core-group-is-layout-ad38a48b wp-block-group-is-layout-constrained\" style=\"border-style:none;border-width:0px;border-top-left-radius:0px;border-top-right-radius:0px;border-bottom-left-radius:0px;border-bottom-right-radius:0px;margin-top:0;margin-bottom:0;padding-top:var(--wp--preset--spacing--70);padding-right:var(--wp--preset--spacing--50);padding-bottom:var(--wp--preset--spacing--20);padding-left:var(--wp--preset--spacing--50)\">\n<div class=\"wp-block-query is-layout-flow wp-block-query-is-layout-flow\"><ul class=\"columns-2 wp-block-post-template has-background has-ast-global-color-4-background-color is-layout-grid wp-container-core-post-template-is-layout-02493678 wp-block-post-template-is-layout-grid\"><li class=\"wp-block-post post-6937 testi type-testi status-publish hentry\">\n\n<div class=\"wp-block-group has-background is-layout-flow wp-block-group-is-layout-flow\" style=\"border-top-left-radius:2px;border-top-right-radius:2px;border-bottom-left-radius:2px;border-bottom-right-radius:2px;background-color:#0f172a;min-height:399px;padding-top:30px;padding-right:30px;padding-bottom:30px;padding-left:30px\">\n<p>\u2b50\u2b50\u2b50\u2b50\u2b50<\/p>\n\n\n<div class=\"entry-content wp-block-post-content is-layout-flow wp-block-post-content-is-layout-flow\"><p>Wir waren im Mai zum Segelkurs bei Andreas und Akos.<br \/>\nHatten 5 tolle Tage und am Ende den Segelschein in der Tasche!<br \/>\nVielen Dank Euch daf\u00fcr!<br \/>\nAkos hat das super gemacht und wir w\u00fcrden den Kurs jederzeit wieder bei euch machen!<br \/>\nViele Gr\u00fc\u00dfe Yvy &amp; Thomas<\/p>\n<\/div>\n\n<h5 class=\"wp-block-post-title\">Yvy &#038; Thomas<\/h5><\/div>\n\n<\/li><li class=\"wp-block-post post-6921 testi type-testi status-publish hentry\">\n\n<div class=\"wp-block-group has-background is-layout-flow wp-block-group-is-layout-flow\" style=\"border-top-left-radius:2px;border-top-right-radius:2px;border-bottom-left-radius:2px;border-bottom-right-radius:2px;background-color:#0f172a;min-height:399px;padding-top:30px;padding-right:30px;padding-bottom:30px;padding-left:30px\">\n<p>\u2b50\u2b50\u2b50\u2b50\u2b50<\/p>\n\n\n<div class=\"entry-content wp-block-post-content is-layout-flow wp-block-post-content-is-layout-flow\"><p>Lieber Andreas, lieber Akos, wir hatten viel Spa\u00df bei dem Segelkurs und haben dabei viel gelernt. Wir werden euch gerne weiterempfehlen. Liebe Gr\u00fc\u00dfe Christof und Axel<br \/>\nP.S. good job<\/p>\n<\/div>\n\n<h5 class=\"wp-block-post-title\">Christof<\/h5><\/div>\n\n<\/li><li class=\"wp-block-post post-6879 testi type-testi status-publish hentry\">\n\n<div class=\"wp-block-group has-background is-layout-flow wp-block-group-is-layout-flow\" style=\"border-top-left-radius:2px;border-top-right-radius:2px;border-bottom-left-radius:2px;border-bottom-right-radius:2px;background-color:#0f172a;min-height:399px;padding-top:30px;padding-right:30px;padding-bottom:30px;padding-left:30px\">\n<p>\u2b50\u2b50\u2b50\u2b50\u2b50<\/p>\n\n\n<div class=\"entry-content wp-block-post-content is-layout-flow wp-block-post-content-is-layout-flow\"><p>Liebe Hetti, lieber Anderas, lieber \u00c0kos,<\/p>\n<p>zun\u00e4chst hatten wir nur einen sehr netten E-Mail Kontakt, wo die Rahmenbedingungen dargestellt wurden.<br \/>\nVor Ort , in Tihany, alles wie in den E-Mails beschrieben.<br \/>\nDann durften wir in der Woche vom 03.06.-07.062024 mit \u00c0kos aufs Wasser gehen, der uns sehr viel beigebracht hat, sehr gedulig, grad bei mir ein Tappes von Ahrweiler (links\/rechts\/abfallen\/anluven), kann jetzt auch wenden ; halsen mag er nicht so&#8230; (mit uns)&#8230;&#8230;<br \/>\nAls Fazit m\u00f6chte ich sagen, dass Sail &amp; Surf alles einh\u00e4lt was es verspricht, sehr netteKontakte.<br \/>\nWer die Grundlagen zum segeln lernen m\u00f6chte ist hier bestens aufgehoben.<\/p>\n<p>Vielen lieben Dank an euch!<br \/>\nWir sehen uns Ende September 2024 wieder!<\/p>\n<p>LG<\/p>\n<p>@Deutsche Urlauber : Wer ruhig am Plattensee Wassersport aus\u00fcben m\u00f6chte (sei es StandUp-Paddel\/Windsurfen o. \u00e4.) ist hier bestens aufgehoben, faire Preise<\/p>\n<\/div>\n\n<h5 class=\"wp-block-post-title\">Michael &#038; Zita<\/h5><\/div>\n\n<\/li><li class=\"wp-block-post post-6786 testi type-testi status-publish hentry\">\n\n<div class=\"wp-block-group has-background is-layout-flow wp-block-group-is-layout-flow\" style=\"border-top-left-radius:2px;border-top-right-radius:2px;border-bottom-left-radius:2px;border-bottom-right-radius:2px;background-color:#0f172a;min-height:399px;padding-top:30px;padding-right:30px;padding-bottom:30px;padding-left:30px\">\n<p>\u2b50\u2b50\u2b50\u2b50\u2b50<\/p>\n\n\n<div class=\"entry-content wp-block-post-content is-layout-flow wp-block-post-content-is-layout-flow\"><p>Thank you so much, Mette and I had an absolutely brilliant week! Thanks for the photos also, have shared also on Instagram and FB. But most importantly, huge thanks to you, great place you have, really enjoyed our time there!<\/p>\n<p>Have a good rest of the season!<\/p>\n<\/div>\n\n<h5 class=\"wp-block-post-title\">Tove and Mette<\/h5><\/div>\n\n<\/li><li class=\"wp-block-post post-6437 testi type-testi status-publish hentry\">\n\n<div class=\"wp-block-group has-background is-layout-flow wp-block-group-is-layout-flow\" style=\"border-top-left-radius:2px;border-top-right-radius:2px;border-bottom-left-radius:2px;border-bottom-right-radius:2px;background-color:#0f172a;min-height:399px;padding-top:30px;padding-right:30px;padding-bottom:30px;padding-left:30px\">\n<p>\u2b50\u2b50\u2b50\u2b50\u2b50<\/p>\n\n\n<div class=\"entry-content wp-block-post-content is-layout-flow wp-block-post-content-is-layout-flow\"><p>In nur einer Woche habe ich in einer Jolle auf dem Balaton die Grundlagen des Segelns erlernt und den Segel-Grundschein erhalten. Der Trainer (\u00c1kos): freundlich, kompetent und sehr, sehr geduldig. Danke \u00c1kos! Das Managment (Andreas Novotny): freundlich und entgegenkommend. Den Kurs und die Segel-Schule kann ich mit gutem Gewissen weiter empfehlen! Vielleicht sehen wir uns ja im September wieder auf einem Jacht-Kurs (?) &#8211; mich w\u00fcrde es jedenfalls freuen!<\/p>\n<\/div>\n\n<h5 class=\"wp-block-post-title\">Albert Schaller<\/h5><\/div>\n\n<\/li><li class=\"wp-block-post post-6194 testi type-testi status-publish hentry\">\n\n<div class=\"wp-block-group has-background is-layout-flow wp-block-group-is-layout-flow\" style=\"border-top-left-radius:2px;border-top-right-radius:2px;border-bottom-left-radius:2px;border-bottom-right-radius:2px;background-color:#0f172a;min-height:399px;padding-top:30px;padding-right:30px;padding-bottom:30px;padding-left:30px\">\n<p>\u2b50\u2b50\u2b50\u2b50\u2b50<\/p>\n\n\n<div class=\"entry-content wp-block-post-content is-layout-flow wp-block-post-content-is-layout-flow\"><p>Hallo Andreas und \u00c1kos, vielen Dank f\u00fcr die wundersch\u00f6ne Woche bei euch. Der Segelkurs hat uns super viel Spa\u00df gemacht. Wir haben bei euch sehr viel gelernt, damit wir hoffentlich die n\u00e4chsten Jahre unbeschadet segeln werden. Ihr seid eine tolle Truppe und habt eine entspannte Art, um einem alle n\u00f6tigen Kenntnisse beizubringen. Vielen Dank nochmal daf\u00fcr, wir werden euch auf jeden Fall weiter empfehlen. Liebe Gr\u00fc\u00dfe von Reny &amp; Andy aus K\u00f6tcse (28.06.2021)<\/p>\n<\/div>\n\n<h5 class=\"wp-block-post-title\">Reny &#038; Andy<\/h5><\/div>\n\n<\/li><li class=\"wp-block-post post-6192 testi type-testi status-publish hentry\">\n\n<div class=\"wp-block-group has-background is-layout-flow wp-block-group-is-layout-flow\" style=\"border-top-left-radius:2px;border-top-right-radius:2px;border-bottom-left-radius:2px;border-bottom-right-radius:2px;background-color:#0f172a;min-height:399px;padding-top:30px;padding-right:30px;padding-bottom:30px;padding-left:30px\">\n<p>\u2b50\u2b50\u2b50\u2b50\u2b50<\/p>\n\n\n<div class=\"entry-content wp-block-post-content is-layout-flow wp-block-post-content-is-layout-flow\"><p>Ich habe schon mehrere Wassersportscheine in der Vergangenheit gemacht. Ich kann die Segelschule nur empfehlen. Der Chef und die Mitarbeiter sind freundlich und hilfsbereit. Unser Lehrer Akos spricht super deutsch und hat uns hervorragend auf die theoretische Pr\u00fcfung vorbereitet. Er hat in der Praxis uns geduldig alles erkl\u00e4rt und hat uns alle Man\u00f6ver in Ruhe durchf\u00fchren lasse. Ich bin froh, dass ich die Segelschule in Tihany gefunden habe. (Juni 2021)<\/p>\n<\/div>\n\n<h5 class=\"wp-block-post-title\">Wieland<\/h5><\/div>\n\n<\/li><li class=\"wp-block-post post-5818 testi type-testi status-publish hentry\">\n\n<div class=\"wp-block-group has-background is-layout-flow wp-block-group-is-layout-flow\" style=\"border-top-left-radius:2px;border-top-right-radius:2px;border-bottom-left-radius:2px;border-bottom-right-radius:2px;background-color:#0f172a;min-height:399px;padding-top:30px;padding-right:30px;padding-bottom:30px;padding-left:30px\">\n<p>\u2b50\u2b50\u2b50\u2b50\u2b50<\/p>\n\n\n<div class=\"entry-content wp-block-post-content is-layout-flow wp-block-post-content-is-layout-flow\"><p>Mein Mann, meine 4 Kinder und ich haben im Juli 2020 an einen Surf-Grundkurs teilgenommen und waren begeistert.<br \/>\nSchon die Beratung zuvor per Telefon und Email war ausgezeichnet und so ging es auch vor Ort weiter. Wir f\u00fchlten uns jederzeit kompetent und sicher betreut.<br \/>\nDer Kurs war zwar anstrengend, hat aber sehr viel Spa\u00df gemacht.<br \/>\nUnsere vier Kinder (7 bis 12) sind vom Gem\u00fct her alle unterschiedlich und dennoch sind die Trainer auf jeden ganz individuell eingegangen &#8211; gro\u00dfes Kompliment. Auch wir Eltern konnten die Zeit genie\u00dfen und f\u00fcr uns selbst \u00fcben, da die Kinder jederzeit gut aufgehoben waren.<br \/>\nWir haben in der Woche viel gelernt und haben anschlie\u00dfend alle erfolgreich und megastolz die Pr\u00fcfung bestanden.<br \/>\nDas gesamte Team vor Ort war total nett und \u00fcber die anschlie\u00dfenden Fotos und Videos haben wir uns ebenso gefreut.<br \/>\nWir werden sicherlich wiederkommen! Vielen Dank an Hetti, Shari und Andreas!<\/p>\n<\/div>\n\n<h5 class=\"wp-block-post-title\">Iris<\/h5><\/div>\n\n<\/li><li class=\"wp-block-post post-5816 testi type-testi status-publish hentry\">\n\n<div class=\"wp-block-group has-background is-layout-flow wp-block-group-is-layout-flow\" style=\"border-top-left-radius:2px;border-top-right-radius:2px;border-bottom-left-radius:2px;border-bottom-right-radius:2px;background-color:#0f172a;min-height:399px;padding-top:30px;padding-right:30px;padding-bottom:30px;padding-left:30px\">\n<p>\u2b50\u2b50\u2b50\u2b50\u2b50<\/p>\n\n\n<div class=\"entry-content wp-block-post-content is-layout-flow wp-block-post-content-is-layout-flow\"><p>Meine Tochter und ich nahmen an einem f\u00fcnft\u00e4gigen Segelkurs im Juli 2019 teil. Wir hatten gro\u00dfen Spa\u00df und haben viel gelernt. Dazu war dann noch der Wind optimal. Wir freuen uns nicht nur \u00fcber den Segelschein, sondern vor allem \u00fcber das tolle Segelerlebnis am Balaton. Herzlich danken wir unserem Segellehrer \u00c1kos und dem gesamten Team von Sail and Surf. Wir kommen gerne wieder!<\/p>\n<\/div>\n\n<h5 class=\"wp-block-post-title\">Thomas<\/h5><\/div>\n\n<\/li><li class=\"wp-block-post post-5814 testi type-testi status-publish hentry\">\n\n<div class=\"wp-block-group has-background is-layout-flow wp-block-group-is-layout-flow\" style=\"border-top-left-radius:2px;border-top-right-radius:2px;border-bottom-left-radius:2px;border-bottom-right-radius:2px;background-color:#0f172a;min-height:399px;padding-top:30px;padding-right:30px;padding-bottom:30px;padding-left:30px\">\n<p>\u2b50\u2b50\u2b50\u2b50\u2b50<\/p>\n\n\n<div class=\"entry-content wp-block-post-content is-layout-flow wp-block-post-content-is-layout-flow\"><p>Wir haben einen f\u00fcnft\u00e4gigen Segelkurs im Sommer 2019 besucht. Unser Segellehrer, Akos hat uns sehr gr\u00fcndlich und mit viel Gedult die Grundlagen des Segels beigebracht. Seine Deutschkenntnisse sind ausgezeichnet gut. Wir haben mit einem kleinen Schiff mit drei Personen ge\u00fcbt, plus Akos. Die ganze Atmosph\u00e4re, die Stimmung des Segelclubs (angrenzend an eine Hotelanlage) ist super gut.<\/p>\n<\/div>\n\n<h5 class=\"wp-block-post-title\">Marta und Dieter<\/h5><\/div>\n\n<\/li><li class=\"wp-block-post post-5812 testi type-testi status-publish hentry\">\n\n<div class=\"wp-block-group has-background is-layout-flow wp-block-group-is-layout-flow\" style=\"border-top-left-radius:2px;border-top-right-radius:2px;border-bottom-left-radius:2px;border-bottom-right-radius:2px;background-color:#0f172a;min-height:399px;padding-top:30px;padding-right:30px;padding-bottom:30px;padding-left:30px\">\n<p>\u2b50\u2b50\u2b50\u2b50\u2b50<\/p>\n\n\n<div class=\"entry-content wp-block-post-content is-layout-flow wp-block-post-content-is-layout-flow\"><p>Wir waren jetzt zum 2. Mal in der Segelschule und haben wieder eine tolle Woche gehabt. Kompetente und sehr nette Segellehrer und gute Organisation. Wir k\u00f6nnen die Segelschule in Tihany sehr weiterempfehlen!<\/p>\n<\/div>\n\n<h5 class=\"wp-block-post-title\">Joris<\/h5><\/div>\n\n<\/li><li class=\"wp-block-post post-5806 testi type-testi status-publish hentry\">\n\n<div class=\"wp-block-group has-background is-layout-flow wp-block-group-is-layout-flow\" style=\"border-top-left-radius:2px;border-top-right-radius:2px;border-bottom-left-radius:2px;border-bottom-right-radius:2px;background-color:#0f172a;min-height:399px;padding-top:30px;padding-right:30px;padding-bottom:30px;padding-left:30px\">\n<p>\u2b50\u2b50\u2b50\u2b50\u2b50<\/p>\n\n\n<div class=\"entry-content wp-block-post-content is-layout-flow wp-block-post-content-is-layout-flow\"><p>Unser Sohn hat in einer Woche erstaunlich viel gelernt. Er war jeden Tag sehr motiviert zur Segelschule zu gehen. Danke an den Segellehrer!<\/p>\n<\/div>\n\n<h5 class=\"wp-block-post-title\">Claudia<\/h5><\/div>\n\n<\/li><li class=\"wp-block-post post-5807 testi type-testi status-publish hentry\">\n\n<div class=\"wp-block-group has-background is-layout-flow wp-block-group-is-layout-flow\" style=\"border-top-left-radius:2px;border-top-right-radius:2px;border-bottom-left-radius:2px;border-bottom-right-radius:2px;background-color:#0f172a;min-height:399px;padding-top:30px;padding-right:30px;padding-bottom:30px;padding-left:30px\">\n<p>\u2b50\u2b50\u2b50\u2b50\u2b50<\/p>\n\n\n<div class=\"entry-content wp-block-post-content is-layout-flow wp-block-post-content-is-layout-flow\"><p>Wir hatten mit der ganzen Familie eine tolle Woche mit Surflehrer Torsten.<br \/>\nKompliment an Sail &amp; Surf, alles klappt prima und die Atmosph\u00e4re ist angenehm<br \/>\nund sympathisch.<\/p>\n<\/div>\n\n<h5 class=\"wp-block-post-title\">Michael Z.<\/h5><\/div>\n\n<\/li><li class=\"wp-block-post post-5384 testi type-testi status-publish hentry\">\n\n<div class=\"wp-block-group has-background is-layout-flow wp-block-group-is-layout-flow\" style=\"border-top-left-radius:2px;border-top-right-radius:2px;border-bottom-left-radius:2px;border-bottom-right-radius:2px;background-color:#0f172a;min-height:399px;padding-top:30px;padding-right:30px;padding-bottom:30px;padding-left:30px\">\n<p>\u2b50\u2b50\u2b50\u2b50\u2b50<\/p>\n\n\n<div class=\"entry-content wp-block-post-content is-layout-flow wp-block-post-content-is-layout-flow\"><p>We had the opportunity as a family to get to know and experience Lake Balaton and Tihany from their most beautiful side: on a\u00a0 yacht, guided by a great sailing instructor!<br \/>\nThank you Andreas and the sailing school!<\/p>\n<\/div>\n\n<h5 class=\"wp-block-post-title\">Fam. Egloffstein<\/h5><\/div>\n\n<\/li><li class=\"wp-block-post post-5383 testi type-testi status-publish hentry\">\n\n<div class=\"wp-block-group has-background is-layout-flow wp-block-group-is-layout-flow\" style=\"border-top-left-radius:2px;border-top-right-radius:2px;border-bottom-left-radius:2px;border-bottom-right-radius:2px;background-color:#0f172a;min-height:399px;padding-top:30px;padding-right:30px;padding-bottom:30px;padding-left:30px\">\n<p>\u2b50\u2b50\u2b50\u2b50\u2b50<\/p>\n\n\n<div class=\"entry-content wp-block-post-content is-layout-flow wp-block-post-content-is-layout-flow\"><p>We hadden als gezin de kans om het Balatonmeer en Tihany vanuit hun mooiste kant te leren kennen en ervaren: op de planken van een Kiel-jacht, begeleid door een geweldige zeilinstructeur!<br \/>\nBedankt Andreas en de zeilschool!<\/p>\n<\/div>\n\n<h5 class=\"wp-block-post-title\">Fam. Egloffstein<\/h5><\/div>\n\n<\/li><li class=\"wp-block-post post-5381 testi type-testi status-publish hentry\">\n\n<div class=\"wp-block-group has-background is-layout-flow wp-block-group-is-layout-flow\" style=\"border-top-left-radius:2px;border-top-right-radius:2px;border-bottom-left-radius:2px;border-bottom-right-radius:2px;background-color:#0f172a;min-height:399px;padding-top:30px;padding-right:30px;padding-bottom:30px;padding-left:30px\">\n<p>\u2b50\u2b50\u2b50\u2b50\u2b50<\/p>\n\n\n<div class=\"entry-content wp-block-post-content is-layout-flow wp-block-post-content-is-layout-flow\"><p>Nogmaals bedankt voor een geweldige week aan het Balatonmeer. De zeilcursus was erg goed. Alles was goed georganiseerd en erg aardige, competente zeilinstructeurs. We kunnen de zeilcursus aan iedereen aanbevelen.<\/p>\n<p>Met vriendelijke groet, Ariane en Joris<\/p>\n<\/div>\n\n<h5 class=\"wp-block-post-title\">Joris<\/h5><\/div>\n\n<\/li><li class=\"wp-block-post post-5380 testi type-testi status-publish hentry\">\n\n<div class=\"wp-block-group has-background is-layout-flow wp-block-group-is-layout-flow\" style=\"border-top-left-radius:2px;border-top-right-radius:2px;border-bottom-left-radius:2px;border-bottom-right-radius:2px;background-color:#0f172a;min-height:399px;padding-top:30px;padding-right:30px;padding-bottom:30px;padding-left:30px\">\n<p>\u2b50\u2b50\u2b50\u2b50\u2b50<\/p>\n\n\n<div class=\"entry-content wp-block-post-content is-layout-flow wp-block-post-content-is-layout-flow\"><p>Thanks again for a great week at Lake Balaton. The sailing course was very good. Everything was well organized and very nice, competent sailing instructors. We can recommend the sailing course to anyone.<\/p>\n<p>Best regards, Ariane &amp; Joris<\/p>\n<\/div>\n\n<h5 class=\"wp-block-post-title\">Joris<\/h5><\/div>\n\n<\/li><li class=\"wp-block-post post-5378 testi type-testi status-publish hentry\">\n\n<div class=\"wp-block-group has-background is-layout-flow wp-block-group-is-layout-flow\" style=\"border-top-left-radius:2px;border-top-right-radius:2px;border-bottom-left-radius:2px;border-bottom-right-radius:2px;background-color:#0f172a;min-height:399px;padding-top:30px;padding-right:30px;padding-bottom:30px;padding-left:30px\">\n<p>\u2b50\u2b50\u2b50\u2b50\u2b50<\/p>\n\n\n<div class=\"entry-content wp-block-post-content is-layout-flow wp-block-post-content-is-layout-flow\"><p>Als gezin met onze dochter (8) hebben we in de zomer van 2017 een surfcursus voltooid en het was super leuke en uitstekende zorg.<br \/>\nwe kunnen alleen maar aanraden.<\/p>\n<p>Frank, Jana, Nora<\/p>\n<\/div>\n\n<h5 class=\"wp-block-post-title\">Frank, Jana, Nora<\/h5><\/div>\n\n<\/li><li class=\"wp-block-post post-5377 testi type-testi status-publish hentry\">\n\n<div class=\"wp-block-group has-background is-layout-flow wp-block-group-is-layout-flow\" style=\"border-top-left-radius:2px;border-top-right-radius:2px;border-bottom-left-radius:2px;border-bottom-right-radius:2px;background-color:#0f172a;min-height:399px;padding-top:30px;padding-right:30px;padding-bottom:30px;padding-left:30px\">\n<p>\u2b50\u2b50\u2b50\u2b50\u2b50<\/p>\n\n\n<div class=\"entry-content wp-block-post-content is-layout-flow wp-block-post-content-is-layout-flow\"><p>As a family with our daughter (8) we completed a surf course in the summer of 2017 and it was super nice. Everybody took excellent care of us.<br \/>\nWe can only recommend the windsurfing and sailing school.<\/p>\n<p>Frank, Jana, Nora<\/p>\n<\/div>\n\n<h5 class=\"wp-block-post-title\">Frank, Jana, Nora<\/h5><\/div>\n\n<\/li><li class=\"wp-block-post post-5376 testi type-testi status-publish hentry\">\n\n<div class=\"wp-block-group has-background is-layout-flow wp-block-group-is-layout-flow\" style=\"border-top-left-radius:2px;border-top-right-radius:2px;border-bottom-left-radius:2px;border-bottom-right-radius:2px;background-color:#0f172a;min-height:399px;padding-top:30px;padding-right:30px;padding-bottom:30px;padding-left:30px\">\n<p>\u2b50\u2b50\u2b50\u2b50\u2b50<\/p>\n\n\n<div class=\"entry-content wp-block-post-content is-layout-flow wp-block-post-content-is-layout-flow\"><p>Onze familie vakantie op Tihany was geweldig en ik wil echt terug gaan. Vooral de Surkurs, die mijn broer en ik namen, maakten onze tijd daar zo mooi. Binnen een week voltooiden we onze surflicentie bij Thorsten en alles werkte perfect. Het hele team is erg aardig en ervaren. Ik kan de school ten zeerste aanbevelen!<\/p>\n<\/div>\n\n<h5 class=\"wp-block-post-title\">Alwine en Egon<\/h5><\/div>\n\n<\/li><li class=\"wp-block-post post-5375 testi type-testi status-publish hentry\">\n\n<div class=\"wp-block-group has-background is-layout-flow wp-block-group-is-layout-flow\" style=\"border-top-left-radius:2px;border-top-right-radius:2px;border-bottom-left-radius:2px;border-bottom-right-radius:2px;background-color:#0f172a;min-height:399px;padding-top:30px;padding-right:30px;padding-bottom:30px;padding-left:30px\">\n<p>\u2b50\u2b50\u2b50\u2b50\u2b50<\/p>\n\n\n<div class=\"entry-content wp-block-post-content is-layout-flow wp-block-post-content-is-layout-flow\"><p>Our family vacation on Tihany was wonderful and I really want to go back. Especially the windsurfing course, which my brother and I attended, made our time there\u00a0 beautiful. Within a week we completed our surfing license with our instructor Thorsten and everything worked perfectly. The whole team is really nice and experienced. I can highly recommend the school!<\/p>\n<\/div>\n\n<h5 class=\"wp-block-post-title\">Alwine and Egon<\/h5><\/div>\n\n<\/li><li class=\"wp-block-post post-4447 testi type-testi status-publish hentry\">\n\n<div class=\"wp-block-group has-background is-layout-flow wp-block-group-is-layout-flow\" style=\"border-top-left-radius:2px;border-top-right-radius:2px;border-bottom-left-radius:2px;border-bottom-right-radius:2px;background-color:#0f172a;min-height:399px;padding-top:30px;padding-right:30px;padding-bottom:30px;padding-left:30px\">\n<p>\u2b50\u2b50\u2b50\u2b50\u2b50<\/p>\n\n\n<div class=\"entry-content wp-block-post-content is-layout-flow wp-block-post-content-is-layout-flow\"><p>Unser Familienurlaub auf Tihany war wunderbar und ich m\u00f6chte unbedingt zur\u00fcck. Besonders der Surkurs, den mein Bruder und ich belegten, hat unsere Zeit dort so sch\u00f6n gemacht. Innerhalb einer Woche haben wir unseren Surfschein bei Thorsten absolviert und alles hat perfekt funktioniert. Das gesamte Team ist super nett und erfahren. Die Schule kann ich sehr empfehlen!<\/p>\n<\/div>\n\n<h5 class=\"wp-block-post-title\">Alwine und Egon<\/h5><\/div>\n\n<\/li><li class=\"wp-block-post post-4446 testi type-testi status-publish hentry\">\n\n<div class=\"wp-block-group has-background is-layout-flow wp-block-group-is-layout-flow\" style=\"border-top-left-radius:2px;border-top-right-radius:2px;border-bottom-left-radius:2px;border-bottom-right-radius:2px;background-color:#0f172a;min-height:399px;padding-top:30px;padding-right:30px;padding-bottom:30px;padding-left:30px\">\n<p>\u2b50\u2b50\u2b50\u2b50\u2b50<\/p>\n\n\n<div class=\"entry-content wp-block-post-content is-layout-flow wp-block-post-content-is-layout-flow\"><p>Toller Kurs, tolles Wetter, viel gelernt, kompetente Segellehrer.<br \/>\nSuper war&#8217;s!<\/p>\n<\/div>\n\n<h5 class=\"wp-block-post-title\">James u. Herbert Feuchtgruber<\/h5><\/div>\n\n<\/li><li class=\"wp-block-post post-4445 testi type-testi status-publish hentry\">\n\n<div class=\"wp-block-group has-background is-layout-flow wp-block-group-is-layout-flow\" style=\"border-top-left-radius:2px;border-top-right-radius:2px;border-bottom-left-radius:2px;border-bottom-right-radius:2px;background-color:#0f172a;min-height:399px;padding-top:30px;padding-right:30px;padding-bottom:30px;padding-left:30px\">\n<p>\u2b50\u2b50\u2b50\u2b50\u2b50<\/p>\n\n\n<div class=\"entry-content wp-block-post-content is-layout-flow wp-block-post-content-is-layout-flow\"><p>wir haben als familie mit unserer Tochter (8) einen surfkurs im sommer 2017 absolviert und es war super nett und eine ausgezeichnete betreuung.<br \/>\nk\u00f6nnen wir nur empfehlen.<\/p>\n<p>Frank, Jana, Nora<\/p>\n<\/div>\n\n<h5 class=\"wp-block-post-title\">Frank, Jana, Nora<\/h5><\/div>\n\n<\/li><li class=\"wp-block-post post-4442 testi type-testi status-publish hentry\">\n\n<div class=\"wp-block-group has-background is-layout-flow wp-block-group-is-layout-flow\" style=\"border-top-left-radius:2px;border-top-right-radius:2px;border-bottom-left-radius:2px;border-bottom-right-radius:2px;background-color:#0f172a;min-height:399px;padding-top:30px;padding-right:30px;padding-bottom:30px;padding-left:30px\">\n<p>\u2b50\u2b50\u2b50\u2b50\u2b50<\/p>\n\n\n<div class=\"entry-content wp-block-post-content is-layout-flow wp-block-post-content-is-layout-flow\"><p>Unsere beiden Buben (10 und 12 Jahre) haben in der vergangenen Woche an einem Anf\u00e4nger-Segelkurs teilgenommen. Kleine Gruppen (3 Sch\u00fcler + 1 Lehrer pro Boot), super nette Lehrer (Akos und Barni) und bestes Wetter sorgten jeden Tag f\u00fcr beste Stimmung und am Ende der Woche f\u00fcr einen erfolgreichen Abschluss aller Teilnehmer in der Pr\u00fcfung. Vielen Dank an Andreas und seine Crew \u2013 wir kommen gerne wieder!<\/p>\n<\/div>\n\n<h5 class=\"wp-block-post-title\">Familie Hagmann<\/h5><\/div>\n\n<\/li><li class=\"wp-block-post post-4438 testi type-testi status-publish hentry\">\n\n<div class=\"wp-block-group has-background is-layout-flow wp-block-group-is-layout-flow\" style=\"border-top-left-radius:2px;border-top-right-radius:2px;border-bottom-left-radius:2px;border-bottom-right-radius:2px;background-color:#0f172a;min-height:399px;padding-top:30px;padding-right:30px;padding-bottom:30px;padding-left:30px\">\n<p>\u2b50\u2b50\u2b50\u2b50\u2b50<\/p>\n\n\n<div class=\"entry-content wp-block-post-content is-layout-flow wp-block-post-content-is-layout-flow\"><p>Danke nochmal f\u00fcr eine tolle Woche am Balaton. Die Segelkurs hat uns sehr gut gefallen. Alles prima organisiert und sehr nette, kompetente Segellehrer. Wir k\u00f6nnen die Segelkurs jedem weiter empfehlen. Viele Gr\u00fc\u00dfe, Ariane &amp; Joris<\/p>\n<\/div>\n\n<h5 class=\"wp-block-post-title\">Joris<\/h5><\/div>\n\n<\/li><li class=\"wp-block-post post-4435 testi type-testi status-publish hentry\">\n\n<div class=\"wp-block-group has-background is-layout-flow wp-block-group-is-layout-flow\" style=\"border-top-left-radius:2px;border-top-right-radius:2px;border-bottom-left-radius:2px;border-bottom-right-radius:2px;background-color:#0f172a;min-height:399px;padding-top:30px;padding-right:30px;padding-bottom:30px;padding-left:30px\">\n<p>\u2b50\u2b50\u2b50\u2b50\u2b50<\/p>\n\n\n<div class=\"entry-content wp-block-post-content is-layout-flow wp-block-post-content-is-layout-flow\"><p>Wir hatten die Gelegenheit, als Familie den Plattensee und Tihany jeweils von ihrer allersch\u00f6nsten Seite zu kennenzulernen und zu erleben: auf den Planken einer Kielyacht, geleitet von einem tollen Segellehrer!<br \/>\nVielen Dank Andreas und der Segelschule!<\/p>\n<\/div>\n\n<h5 class=\"wp-block-post-title\">Fam. Egloffstein<\/h5><\/div>\n\n<\/li><li class=\"wp-block-post post-4432 testi type-testi status-publish hentry\">\n\n<div class=\"wp-block-group has-background is-layout-flow wp-block-group-is-layout-flow\" style=\"border-top-left-radius:2px;border-top-right-radius:2px;border-bottom-left-radius:2px;border-bottom-right-radius:2px;background-color:#0f172a;min-height:399px;padding-top:30px;padding-right:30px;padding-bottom:30px;padding-left:30px\">\n<p>\u2b50\u2b50\u2b50\u2b50\u2b50<\/p>\n\n\n<div class=\"entry-content wp-block-post-content is-layout-flow wp-block-post-content-is-layout-flow\"><p>Wir vermieten in Blogbar Ferienwohnungen ab 15.- Euro pro Person. Damit wir mit unseren G\u00e4sten auch mal einen Segelausflug machen k\u00f6nnen hab ich den Segelschein beim Andreas gemacht. Ganz in unserem Sinn, es soll Spass machen und mit freuden lehren, war ich zu 100 Prozent an der richtigen Stelle. Danke f\u00fcr die sch\u00f6nen und lehrreichen Tage. Wenn ihr fragen habt k\u00f6nnt ihr mich gerne fragen unter &#8220;ferieninungarn.com&#8221; Andreas und sein Team ist echt toll. So jetzt wird das Boot geputzt und in 3 Wochen ist die Jungfern Fahrt ????.<\/p>\n<\/div>\n\n<h5 class=\"wp-block-post-title\">J\u00f6rg F\u00fcnderich<\/h5><\/div>\n\n<\/li><li class=\"wp-block-post post-4427 testi type-testi status-publish hentry\">\n\n<div class=\"wp-block-group has-background is-layout-flow wp-block-group-is-layout-flow\" style=\"border-top-left-radius:2px;border-top-right-radius:2px;border-bottom-left-radius:2px;border-bottom-right-radius:2px;background-color:#0f172a;min-height:399px;padding-top:30px;padding-right:30px;padding-bottom:30px;padding-left:30px\">\n<p>\u2b50\u2b50\u2b50\u2b50\u2b50<\/p>\n\n\n<div class=\"entry-content wp-block-post-content is-layout-flow wp-block-post-content-is-layout-flow\"><p>Nach 21 Jahren war ich letzte Woche zuf\u00e4llig in der N\u00e4he und habe mal bei Andreas reingeschaut und mich gefreut, dass es ihn und die Wassersportschule immer noch gibt.<br \/>\nIm Sommer 1996 haben meine Mama, mein Bruder und ich w\u00e4hrend unseres Aufenthalts im Club Tihany einen Surfkurs absolviert und sind seitdem hin und wieder aktiv gewesen. Vor allem mein Bruder, der inzwischen auch das Kitesurfen erlernt hat<br \/>\nIch w\u00fcrde euch gern die Bilder (Gruppenfoto von damals und Erinnerungsfoto von letzter Woche) zukommen lassen, hier kann ich sie leider nicht anh\u00e4ngen. Ich schicke sie am besten per E-Mail, oder? Dann kannst du sie gern auch mit auf eurer Seite hochladen, Andreas.<br \/>\nSonnige Gr\u00fc\u00dfe von der Reisenden,<br \/>\nAnja<\/p>\n<\/div>\n\n<h5 class=\"wp-block-post-title\">Anja M\u00fcller<\/h5><\/div>\n\n<\/li><li class=\"wp-block-post post-4162 testi type-testi status-publish hentry\">\n\n<div class=\"wp-block-group has-background is-layout-flow wp-block-group-is-layout-flow\" style=\"border-top-left-radius:2px;border-top-right-radius:2px;border-bottom-left-radius:2px;border-bottom-right-radius:2px;background-color:#0f172a;min-height:399px;padding-top:30px;padding-right:30px;padding-bottom:30px;padding-left:30px\">\n<p>\u2b50\u2b50\u2b50\u2b50\u2b50<\/p>\n\n\n<div class=\"entry-content wp-block-post-content is-layout-flow wp-block-post-content-is-layout-flow\"><p>Wir waren im August als Familie im Anf\u00e4ngerkurs. Es war SUPER! Die Betreuung war super nett und kompetent, so dass wir schnell surfen gelernt haben. Wir hatten eine sch\u00f6ne Zeit und k\u00f6nnen die Surfschule sehr empfehlen!<br \/>\nVielen Dank und viele Gr\u00fc\u00dfe von Familie R\u00f6mer aus Hamburg<\/p>\n<\/div>\n\n<h5 class=\"wp-block-post-title\">Familie R\u00f6mer<\/h5><\/div>\n\n<\/li><li class=\"wp-block-post post-4161 testi type-testi status-publish hentry\">\n\n<div class=\"wp-block-group has-background is-layout-flow wp-block-group-is-layout-flow\" style=\"border-top-left-radius:2px;border-top-right-radius:2px;border-bottom-left-radius:2px;border-bottom-right-radius:2px;background-color:#0f172a;min-height:399px;padding-top:30px;padding-right:30px;padding-bottom:30px;padding-left:30px\">\n<p>\u2b50\u2b50\u2b50\u2b50\u2b50<\/p>\n\n\n<div class=\"entry-content wp-block-post-content is-layout-flow wp-block-post-content-is-layout-flow\"><p>War ein super tolles Segelwochenende\/Segelkurs<\/p>\n<p>Tolles Team! Weiter so<\/p>\n<\/div>\n\n<h5 class=\"wp-block-post-title\">Mathias<\/h5><\/div>\n\n<\/li><li class=\"wp-block-post post-4160 testi type-testi status-publish hentry\">\n\n<div class=\"wp-block-group has-background is-layout-flow wp-block-group-is-layout-flow\" style=\"border-top-left-radius:2px;border-top-right-radius:2px;border-bottom-left-radius:2px;border-bottom-right-radius:2px;background-color:#0f172a;min-height:399px;padding-top:30px;padding-right:30px;padding-bottom:30px;padding-left:30px\">\n<p>\u2b50\u2b50\u2b50\u2b50\u2b50<\/p>\n\n\n<div class=\"entry-content wp-block-post-content is-layout-flow wp-block-post-content-is-layout-flow\"><p>Wir waren schon so oft am Balaton, aber jetzt erst sind wir auf die Idee gekommen, auch mal mit dem Boot herauszufahren! Super, dass wir bei Euch auf so unkomplizierte Weise die Grundlagen des Segelns erlernen konnten! Unser Lehrer Akos hat uns Theorie und Praxis auf verst\u00e4ndliche und unterhaltsame Weise vermittelt und super auf die Pr\u00fcfung vorbereitet. Es hat sehr viel Spa\u00df gemacht und wir empfehlen Euch nicht nur gerne weiter, sondern freuen uns auf ein follow up next year!<br \/>\n\u00dcdv\u00f6zlet!<br \/>\n&#8211; a b\u00e9cs &#8211; dr\u00e9zda &#8211; crew!<\/p>\n<\/div>\n\n<h5 class=\"wp-block-post-title\">Siegfried<\/h5><\/div>\n\n<\/li><li class=\"wp-block-post post-4159 testi type-testi status-publish hentry\">\n\n<div class=\"wp-block-group has-background is-layout-flow wp-block-group-is-layout-flow\" style=\"border-top-left-radius:2px;border-top-right-radius:2px;border-bottom-left-radius:2px;border-bottom-right-radius:2px;background-color:#0f172a;min-height:399px;padding-top:30px;padding-right:30px;padding-bottom:30px;padding-left:30px\">\n<p>\u2b50\u2b50\u2b50\u2b50\u2b50<\/p>\n\n\n<div class=\"entry-content wp-block-post-content is-layout-flow wp-block-post-content-is-layout-flow\"><p>Hallo Zusammen,<\/p>\n<p>Frohes Neues Jahr!<\/p>\n<p>Ich denke mit gro\u00dfer Freude daran, dass ich im letzten Jahr am Saisonanfang Euer erster Surfsch\u00fcler war. Es war \u201eVIP\u201c, denn ich allein war.<\/p>\n<p>Danke sch\u00f6n Hetti f\u00fcr den Geduld und die Professionalismus.<\/p>\n<p>Liebe Gr\u00fc\u00dfe<br \/>\nGyula<\/p>\n<\/div>\n\n<h5 class=\"wp-block-post-title\">F\u00f6ldesi Gyula<\/h5><\/div>\n\n<\/li><li class=\"wp-block-post post-4158 testi type-testi status-publish hentry\">\n\n<div class=\"wp-block-group has-background is-layout-flow wp-block-group-is-layout-flow\" style=\"border-top-left-radius:2px;border-top-right-radius:2px;border-bottom-left-radius:2px;border-bottom-right-radius:2px;background-color:#0f172a;min-height:399px;padding-top:30px;padding-right:30px;padding-bottom:30px;padding-left:30px\">\n<p>\u2b50\u2b50\u2b50\u2b50\u2b50<\/p>\n\n\n<div class=\"entry-content wp-block-post-content is-layout-flow wp-block-post-content-is-layout-flow\"><p>Liebe Hetti und Andreas<br \/>\nder Surfkurs mit Hetti war wundersch\u00f6n.Es hat sehr viel Spa\u00df gemacht,der Surfkurs hat sich auf jeden Fall gelohnt und wir freuen uns schon total darauf euch in den Pfingstferien vielleicht wieder zu sehen und dann den Fortgeschrittenen Kurs zu machen.Hetti kann wirklich sehr gut erkl\u00e4ren, und wir hoffen dass Sie mal die schnellste Stand-up Paddlerin am ganzen Balaton wird.<br \/>\nSch\u00f6ne Gr\u00fc\u00dfe auch noch von Heidi und Wolfgang aus dem Allg\u00e4u,eure Elli,Franzi und Kathi<\/p>\n<\/div>\n\n<h5 class=\"wp-block-post-title\">Elli\/Kathi\/Franzi Moch<\/h5><\/div>\n\n<\/li><li class=\"wp-block-post post-4157 testi type-testi status-publish hentry\">\n\n<div class=\"wp-block-group has-background is-layout-flow wp-block-group-is-layout-flow\" style=\"border-top-left-radius:2px;border-top-right-radius:2px;border-bottom-left-radius:2px;border-bottom-right-radius:2px;background-color:#0f172a;min-height:399px;padding-top:30px;padding-right:30px;padding-bottom:30px;padding-left:30px\">\n<p>\u2b50\u2b50\u2b50\u2b50\u2b50<\/p>\n\n\n<div class=\"entry-content wp-block-post-content is-layout-flow wp-block-post-content-is-layout-flow\"><p>Lieber Andreas,<br \/>\nVielen Dank f\u00fcr den sch\u00f6nen Segelkurs bei Euch in Tihany. Es war eine tolle Zeit, an die ich oft zur\u00fcckdenke. Viele Gr\u00fc\u00dfe auch an Akos und Barni, die den Kurs kompetent und in einer nette Atmosph\u00e4re durchgef\u00fchrt haben.<br \/>\nBis zum n\u00e4chsten Jahr<br \/>\nViele Gr\u00fc\u00dfe<br \/>\nGeza<\/p>\n<\/div>\n\n<h5 class=\"wp-block-post-title\">G\u00e9za<\/h5><\/div>\n\n<\/li><li class=\"wp-block-post post-4156 testi type-testi status-publish hentry\">\n\n<div class=\"wp-block-group has-background is-layout-flow wp-block-group-is-layout-flow\" style=\"border-top-left-radius:2px;border-top-right-radius:2px;border-bottom-left-radius:2px;border-bottom-right-radius:2px;background-color:#0f172a;min-height:399px;padding-top:30px;padding-right:30px;padding-bottom:30px;padding-left:30px\">\n<p>\u2b50\u2b50\u2b50\u2b50\u2b50<\/p>\n\n\n<div class=\"entry-content wp-block-post-content is-layout-flow wp-block-post-content-is-layout-flow\"><p>Hallo Andreas,<br \/>\nvielen Dank f\u00fcr den tollen Segelkurs im sch\u00f6nen Segelrevier vor Tihany. Besonderen Dank und Gru\u00df nat\u00fcrlich an Akos, der mit seiner besonnenen und gr\u00fcndlichen Art alles f\u00fcr unseren Segelgrundschein entspannt vermittelt hat.<br \/>\nWir hatten ein nettes Team und vor allem unser &#8220;kis kapitan &#8221; Vincent (9) war begeistert (und manchmal auch m\u00fcde) und ist sehr gl\u00fccklich mit seinem Juniorschein.<br \/>\nViele Gr\u00fc\u00dfe an das ganze Team!<br \/>\nMast und Schotbruch!<br \/>\nVincent und G\u00f6tz<\/p>\n<\/div>\n\n<h5 class=\"wp-block-post-title\">Vincent und G\u00f6tz<\/h5><\/div>\n\n<\/li><li class=\"wp-block-post post-4155 testi type-testi status-publish hentry\">\n\n<div class=\"wp-block-group has-background is-layout-flow wp-block-group-is-layout-flow\" style=\"border-top-left-radius:2px;border-top-right-radius:2px;border-bottom-left-radius:2px;border-bottom-right-radius:2px;background-color:#0f172a;min-height:399px;padding-top:30px;padding-right:30px;padding-bottom:30px;padding-left:30px\">\n<p>\u2b50\u2b50\u2b50\u2b50\u2b50<\/p>\n\n\n<div class=\"entry-content wp-block-post-content is-layout-flow wp-block-post-content-is-layout-flow\"><p>Hallo Andreas,<br \/>\nHerzlichen Dank nochmal f\u00fcr den Segelkurs, sehr gut organisiert und alle sehr nett. Danke auch f\u00fcr die spontane Vorbereitung des Lasers, * * * ich * * * dann noch alleine etwas \u00fcben konnte. Akos ist ein Supertrainer, der einem sowohl Praxis als auch Theorie gut vermittelt. Die Gruppe war auch super, ich habe die Zeit sehr genossen. Ich hoffe man sieht sich mal wieder.<\/p>\n<p>Viele Gr\u00fc\u00dfe<br \/>\nVolker<\/p>\n<\/div>\n\n<h5 class=\"wp-block-post-title\">Volker<\/h5><\/div>\n\n<\/li><li class=\"wp-block-post post-4154 testi type-testi status-publish hentry\">\n\n<div class=\"wp-block-group has-background is-layout-flow wp-block-group-is-layout-flow\" style=\"border-top-left-radius:2px;border-top-right-radius:2px;border-bottom-left-radius:2px;border-bottom-right-radius:2px;background-color:#0f172a;min-height:399px;padding-top:30px;padding-right:30px;padding-bottom:30px;padding-left:30px\">\n<p>\u2b50\u2b50\u2b50\u2b50\u2b50<\/p>\n\n\n<div class=\"entry-content wp-block-post-content is-layout-flow wp-block-post-content-is-layout-flow\"><p>Lieber Andreas, liebe Hetti, lieber Akos,<\/p>\n<p>euch dreien vielen Dank f\u00fcr die sch\u00f6ne und interessante Woche beim Segelkurs. Wir haben nicht nur viel gelernt und von Akos sehr gute Tips f\u00fcr unsere Segelzukunft bekommen, sondern es hat auch sehr viel Spass gemacht.<\/p>\n<p>Gerne kommen wir im n\u00e4chsten Jahr wieder, um unsere Kenntnisse zu vertiefen und ein Boot zu chartern. In der Zwischenzeit empfehlen wir euch gerne weiter.<\/p>\n<p>Viele Gr\u00fc\u00dfe<br \/>\nGerd und Lisa<\/p>\n<\/div>\n\n<h5 class=\"wp-block-post-title\">Gerd und Lisa<\/h5><\/div>\n\n<\/li><li class=\"wp-block-post post-4153 testi type-testi status-publish has-post-thumbnail hentry\">\n\n<div class=\"wp-block-group has-background is-layout-flow wp-block-group-is-layout-flow\" style=\"border-top-left-radius:2px;border-top-right-radius:2px;border-bottom-left-radius:2px;border-bottom-right-radius:2px;background-color:#0f172a;min-height:399px;padding-top:30px;padding-right:30px;padding-bottom:30px;padding-left:30px\">\n<p>\u2b50\u2b50\u2b50\u2b50\u2b50<\/p>\n\n\n<div class=\"entry-content wp-block-post-content is-layout-flow wp-block-post-content-is-layout-flow\"><p>Lieber Andreas, liebe Hetti, lieber Akos,<\/p>\n<p>ganz herzlichen Dank f\u00fcr eine tolle Woche! Es hat super viel Spa\u00df gemacht und ich habe eine Menge gelernt. Der Surfkurs hat sich wirklich gelohnt und ich komme bestimmt bald wieder, um das Gelernte zu vertiefen und vielleicht noch einen Fortgeschrittenen-Kurs zu machen!<\/p>\n<p>Viele liebe Gr\u00fc\u00dfe aus M\u00fcnchen!<\/p>\n<\/div>\n\n<h5 class=\"wp-block-post-title\">Vivien<\/h5><\/div>\n\n<\/li><li class=\"wp-block-post post-3788 testi type-testi status-publish hentry\">\n\n<div class=\"wp-block-group has-background is-layout-flow wp-block-group-is-layout-flow\" style=\"border-top-left-radius:2px;border-top-right-radius:2px;border-bottom-left-radius:2px;border-bottom-right-radius:2px;background-color:#0f172a;min-height:399px;padding-top:30px;padding-right:30px;padding-bottom:30px;padding-left:30px\">\n<p>\u2b50\u2b50\u2b50\u2b50\u2b50<\/p>\n\n\n<div class=\"entry-content wp-block-post-content is-layout-flow wp-block-post-content-is-layout-flow\"><p>Hallo Andi und Akos<\/p>\n<p>Jetzt mache ich meinen Segelschein &#8211; Binnen &#8211; auf dem Steinberger See und denke immer wieder an unseren Segellehrer Akos, der uns das Grundwissen im Segeln auf dem sch\u00f6nen Plattensee beigebracht hat.<br \/>\nAkos ist ein prima Lehrer der nicht nur die deutsche Sprache gut beherrscht, sondern auch die trockene Theorie mit der pracktischen Ausbildung super verbunden hat.<br \/>\nAuch mein 15 j\u00e4hriger Sohn Maxi war mit Begeisterung dabei und ist stolzer Inhaber des Segelgrundscheins.<br \/>\nWir freuen uns schon auf n\u00e4chstes Jahr, wo es uns sicher wieder auf den See hinaustreibt.<\/p>\n<p>Liebe Gr\u00fcsse an das ganze Team von Maxi Stefan<\/p>\n<\/div>\n\n<h5 class=\"wp-block-post-title\">Stefan und Maxi<\/h5><\/div>\n\n<\/li><\/ul>\n\n<nav class=\"wp-block-query-pagination is-layout-flex wp-block-query-pagination-is-layout-flex\" aria-label=\"Pagination\">\n\n\n<div class=\"wp-block-query-pagination-numbers\"><span aria-current=\"page\" class=\"page-numbers current\">1<\/span>\n<a class=\"page-numbers\" href=\"?query-40-page=2\">2<\/a>\n<a class=\"page-numbers\" href=\"?query-40-page=3\">3<\/a>\n<span class=\"page-numbers dots\">&hellip;<\/span>\n<a class=\"page-numbers\" href=\"?query-40-page=5\">5<\/a><\/div>\n\n<a href=\"\/en\/wp-json\/wp\/v2\/pages\/7334?query-40-page=2\" class=\"wp-block-query-pagination-next\">Next Page<\/a>\n<\/nav><\/div>\n<\/div>\n","protected":false},"excerpt":{"rendered":"","protected":false},"author":4,"featured_media":0,"parent":0,"menu_order":0,"comment_status":"closed","ping_status":"closed","template":"","meta":{"_uag_custom_page_level_css":"","site-sidebar-layout":"default","site-content-layout":"","ast-site-content-layout":"default","site-content-style":"default","site-sidebar-style":"default","ast-global-header-display":"","ast-banner-title-visibility":"","ast-main-header-display":"","ast-hfb-above-header-display":"","ast-hfb-below-header-display":"","ast-hfb-mobile-header-display":"","site-post-title":"disabled","ast-breadcrumbs-content":"","ast-featured-img":"","footer-sml-layout":"","ast-disable-related-posts":"","theme-transparent-header-meta":"","adv-header-id-meta":"","stick-header-meta":"","header-above-stick-meta":"","header-main-stick-meta":"","header-below-stick-meta":"","astra-migrate-meta-layouts":"default","ast-page-background-enabled":"default","ast-page-background-meta":{"desktop":{"background-color":"var(--ast-global-color-4)","background-image":"","background-repeat":"repeat","background-position":"center center","background-size":"auto","background-attachment":"scroll","background-type":"","background-media":"","overlay-type":"","overlay-color":"","overlay-opacity":"","overlay-gradient":""},"tablet":{"background-color":"","background-image":"","background-repeat":"repeat","background-position":"center center","background-size":"auto","background-attachment":"scroll","background-type":"","background-media":"","overlay-type":"","overlay-color":"","overlay-opacity":"","overlay-gradient":""},"mobile":{"background-color":"","background-image":"","background-repeat":"repeat","background-position":"center center","background-size":"auto","background-attachment":"scroll","background-type":"","background-media":"","overlay-type":"","overlay-color":"","overlay-opacity":"","overlay-gradient":""}},"ast-content-background-meta":{"desktop":{"background-color":"var(--ast-global-color-5)","background-image":"","background-repeat":"repeat","background-position":"center center","background-size":"auto","background-attachment":"scroll","background-type":"","background-media":"","overlay-type":"","overlay-color":"","overlay-opacity":"","overlay-gradient":""},"tablet":{"background-color":"var(--ast-global-color-5)","background-image":"","background-repeat":"repeat","background-position":"center center","background-size":"auto","background-attachment":"scroll","background-type":"","background-media":"","overlay-type":"","overlay-color":"","overlay-opacity":"","overlay-gradient":""},"mobile":{"background-color":"var(--ast-global-color-5)","background-image":"","background-repeat":"repeat","background-position":"center center","background-size":"auto","background-attachment":"scroll","background-type":"","background-media":"","overlay-type":"","overlay-color":"","overlay-opacity":"","overlay-gradient":""}},"footnotes":""},"class_list":["post-7334","page","type-page","status-publish","hentry"],"yoast_head":"<!-- This site is optimized with the Yoast SEO plugin v27.5 - https:\/\/yoast.com\/product\/yoast-seo-wordpress\/ -->\n<title>Sailing and Surfing School Guestbook - Windsurfing and Sailing Balaton<\/title>\n<meta name=\"description\" content=\"Guestbook of the Sailing and Surfing School in Tihany on Lake Balaton. Comments on our Sailing and Surfing Courses\" \/>\n<meta name=\"robots\" content=\"index, follow, max-snippet:-1, max-image-preview:large, max-video-preview:-1\" \/>\n<link rel=\"canonical\" href=\"https:\/\/www.wind99.com\/en\/sailing-and-surfing-school-guestbook\/\" \/>\n<link rel=\"next\" href=\"https:\/\/www.wind99.com\/en\/sailing-and-surfing-school-guestbook\/7334\/?query-40-page=2\" \/>\n<meta property=\"og:locale\" content=\"en_US\" \/>\n<meta property=\"og:type\" content=\"article\" \/>\n<meta property=\"og:title\" content=\"Sailing and Surfing School Guestbook - Windsurfing and Sailing Balaton\" \/>\n<meta property=\"og:description\" content=\"Guestbook of the Sailing and Surfing School in Tihany on Lake Balaton. Comments on our Sailing and Surfing Courses\" \/>\n<meta property=\"og:url\" content=\"https:\/\/www.wind99.com\/en\/sailing-and-surfing-school-guestbook\/\" \/>\n<meta property=\"og:site_name\" content=\"Windsurfing and Sailing Balaton\" \/>\n<meta property=\"article:publisher\" content=\"https:\/\/www.facebook.com\/Sail.and.Surf.Balaton\/\" \/>\n<meta property=\"article:modified_time\" content=\"2026-04-27T08:28:38+00:00\" \/>\n<meta name=\"twitter:card\" content=\"summary_large_image\" \/>\n<script type=\"application\/ld+json\" class=\"yoast-schema-graph\">{\"@context\":\"https:\\\/\\\/schema.org\",\"@graph\":[{\"@type\":\"WebPage\",\"@id\":\"https:\\\/\\\/www.wind99.com\\\/en\\\/sailing-and-surfing-school-guestbook\\\/\",\"url\":\"https:\\\/\\\/www.wind99.com\\\/en\\\/sailing-and-surfing-school-guestbook\\\/\",\"name\":\"Sailing and Surfing School Guestbook - Windsurfing and Sailing Balaton\",\"isPartOf\":{\"@id\":\"https:\\\/\\\/www.wind99.com\\\/en\\\/#website\"},\"datePublished\":\"2026-04-22T09:51:36+00:00\",\"dateModified\":\"2026-04-27T08:28:38+00:00\",\"description\":\"Guestbook of the Sailing and Surfing School in Tihany on Lake Balaton. Comments on our Sailing and Surfing Courses\",\"breadcrumb\":{\"@id\":\"https:\\\/\\\/www.wind99.com\\\/en\\\/sailing-and-surfing-school-guestbook\\\/#breadcrumb\"},\"inLanguage\":\"en-US\",\"potentialAction\":[{\"@type\":\"ReadAction\",\"target\":[\"https:\\\/\\\/www.wind99.com\\\/en\\\/sailing-and-surfing-school-guestbook\\\/\"]}]},{\"@type\":\"BreadcrumbList\",\"@id\":\"https:\\\/\\\/www.wind99.com\\\/en\\\/sailing-and-surfing-school-guestbook\\\/#breadcrumb\",\"itemListElement\":[{\"@type\":\"ListItem\",\"position\":1,\"name\":\"Startseite\",\"item\":\"https:\\\/\\\/www.wind99.com\\\/en\\\/windsurfing-courses-sailing-courses\\\/\"},{\"@type\":\"ListItem\",\"position\":2,\"name\":\"Sailing and Surfing School Guestbook\"}]},{\"@type\":\"WebSite\",\"@id\":\"https:\\\/\\\/www.wind99.com\\\/en\\\/#website\",\"url\":\"https:\\\/\\\/www.wind99.com\\\/en\\\/\",\"name\":\"Segel- und Surschule am Balaton\",\"description\":\"Segelkurse, Surfkurse, Wingkurse und SUP\",\"publisher\":{\"@id\":\"https:\\\/\\\/www.wind99.com\\\/en\\\/#organization\"},\"potentialAction\":[{\"@type\":\"SearchAction\",\"target\":{\"@type\":\"EntryPoint\",\"urlTemplate\":\"https:\\\/\\\/www.wind99.com\\\/en\\\/?s={search_term_string}\"},\"query-input\":{\"@type\":\"PropertyValueSpecification\",\"valueRequired\":true,\"valueName\":\"search_term_string\"}}],\"inLanguage\":\"en-US\"},{\"@type\":\"Organization\",\"@id\":\"https:\\\/\\\/www.wind99.com\\\/en\\\/#organization\",\"name\":\"Sail and Surf\",\"url\":\"https:\\\/\\\/www.wind99.com\\\/en\\\/\",\"logo\":{\"@type\":\"ImageObject\",\"inLanguage\":\"en-US\",\"@id\":\"https:\\\/\\\/www.wind99.com\\\/en\\\/#\\\/schema\\\/logo\\\/image\\\/\",\"url\":\"https:\\\/\\\/www.wind99.com\\\/wp-content\\\/uploads\\\/2026\\\/04\\\/weiss-durchsichtig.png\",\"contentUrl\":\"https:\\\/\\\/www.wind99.com\\\/wp-content\\\/uploads\\\/2026\\\/04\\\/weiss-durchsichtig.png\",\"width\":1292,\"height\":513,\"caption\":\"Sail and Surf\"},\"image\":{\"@id\":\"https:\\\/\\\/www.wind99.com\\\/en\\\/#\\\/schema\\\/logo\\\/image\\\/\"},\"sameAs\":[\"https:\\\/\\\/www.facebook.com\\\/Sail.and.Surf.Balaton\\\/\"]}]}<\/script>\n<!-- \/ Yoast SEO plugin. -->","yoast_head_json":{"title":"Sailing and Surfing School Guestbook - Windsurfing and Sailing Balaton","description":"Guestbook of the Sailing and Surfing School in Tihany on Lake Balaton. Comments on our Sailing and Surfing Courses","robots":{"index":"index","follow":"follow","max-snippet":"max-snippet:-1","max-image-preview":"max-image-preview:large","max-video-preview":"max-video-preview:-1"},"canonical":"https:\/\/www.wind99.com\/en\/sailing-and-surfing-school-guestbook\/","next":"https:\/\/www.wind99.com\/en\/sailing-and-surfing-school-guestbook\/7334?query-40-page=2","og_locale":"en_US","og_type":"article","og_title":"Sailing and Surfing School Guestbook - Windsurfing and Sailing Balaton","og_description":"Guestbook of the Sailing and Surfing School in Tihany on Lake Balaton. Comments on our Sailing and Surfing Courses","og_url":"https:\/\/www.wind99.com\/en\/sailing-and-surfing-school-guestbook\/","og_site_name":"Windsurfing and Sailing Balaton","article_publisher":"https:\/\/www.facebook.com\/Sail.and.Surf.Balaton\/","article_modified_time":"2026-04-27T08:28:38+00:00","twitter_card":"summary_large_image","schema":{"@context":"https:\/\/schema.org","@graph":[{"@type":"WebPage","@id":"https:\/\/www.wind99.com\/en\/sailing-and-surfing-school-guestbook\/","url":"https:\/\/www.wind99.com\/en\/sailing-and-surfing-school-guestbook\/","name":"Sailing and Surfing School Guestbook - Windsurfing and Sailing Balaton","isPartOf":{"@id":"https:\/\/www.wind99.com\/en\/#website"},"datePublished":"2026-04-22T09:51:36+00:00","dateModified":"2026-04-27T08:28:38+00:00","description":"Guestbook of the Sailing and Surfing School in Tihany on Lake Balaton. Comments on our Sailing and Surfing Courses","breadcrumb":{"@id":"https:\/\/www.wind99.com\/en\/sailing-and-surfing-school-guestbook\/#breadcrumb"},"inLanguage":"en-US","potentialAction":[{"@type":"ReadAction","target":["https:\/\/www.wind99.com\/en\/sailing-and-surfing-school-guestbook\/"]}]},{"@type":"BreadcrumbList","@id":"https:\/\/www.wind99.com\/en\/sailing-and-surfing-school-guestbook\/#breadcrumb","itemListElement":[{"@type":"ListItem","position":1,"name":"Startseite","item":"https:\/\/www.wind99.com\/en\/windsurfing-courses-sailing-courses\/"},{"@type":"ListItem","position":2,"name":"Sailing and Surfing School Guestbook"}]},{"@type":"WebSite","@id":"https:\/\/www.wind99.com\/en\/#website","url":"https:\/\/www.wind99.com\/en\/","name":"Segel- und Surschule am Balaton","description":"Segelkurse, Surfkurse, Wingkurse und SUP","publisher":{"@id":"https:\/\/www.wind99.com\/en\/#organization"},"potentialAction":[{"@type":"SearchAction","target":{"@type":"EntryPoint","urlTemplate":"https:\/\/www.wind99.com\/en\/?s={search_term_string}"},"query-input":{"@type":"PropertyValueSpecification","valueRequired":true,"valueName":"search_term_string"}}],"inLanguage":"en-US"},{"@type":"Organization","@id":"https:\/\/www.wind99.com\/en\/#organization","name":"Sail and Surf","url":"https:\/\/www.wind99.com\/en\/","logo":{"@type":"ImageObject","inLanguage":"en-US","@id":"https:\/\/www.wind99.com\/en\/#\/schema\/logo\/image\/","url":"https:\/\/www.wind99.com\/wp-content\/uploads\/2026\/04\/weiss-durchsichtig.png","contentUrl":"https:\/\/www.wind99.com\/wp-content\/uploads\/2026\/04\/weiss-durchsichtig.png","width":1292,"height":513,"caption":"Sail and Surf"},"image":{"@id":"https:\/\/www.wind99.com\/en\/#\/schema\/logo\/image\/"},"sameAs":["https:\/\/www.facebook.com\/Sail.and.Surf.Balaton\/"]}]}},"uagb_featured_image_src":{"full":false,"thumbnail":false,"medium":false,"medium_large":false,"large":false,"1536x1536":false,"2048x2048":false},"uagb_author_info":{"display_name":"Andreas Novotny","author_link":"https:\/\/www.wind99.com\/en\/author\/25oyey717cne\/"},"uagb_comment_info":0,"uagb_excerpt":null,"_links":{"self":[{"href":"https:\/\/www.wind99.com\/en\/wp-json\/wp\/v2\/pages\/7334","targetHints":{"allow":["GET"]}}],"collection":[{"href":"https:\/\/www.wind99.com\/en\/wp-json\/wp\/v2\/pages"}],"about":[{"href":"https:\/\/www.wind99.com\/en\/wp-json\/wp\/v2\/types\/page"}],"author":[{"embeddable":true,"href":"https:\/\/www.wind99.com\/en\/wp-json\/wp\/v2\/users\/4"}],"replies":[{"embeddable":true,"href":"https:\/\/www.wind99.com\/en\/wp-json\/wp\/v2\/comments?post=7334"}],"version-history":[{"count":1,"href":"https:\/\/www.wind99.com\/en\/wp-json\/wp\/v2\/pages\/7334\/revisions"}],"predecessor-version":[{"id":7335,"href":"https:\/\/www.wind99.com\/en\/wp-json\/wp\/v2\/pages\/7334\/revisions\/7335"}],"wp:attachment":[{"href":"https:\/\/www.wind99.com\/en\/wp-json\/wp\/v2\/media?parent=7334"}],"curies":[{"name":"wp","href":"https:\/\/api.w.org\/{rel}","templated":true}]}}